{"id":741,"date":"2021-08-02T12:52:39","date_gmt":"2021-08-02T12:52:39","guid":{"rendered":"http:\/\/www.casatalento.com.br\/?post_type=cursos&#038;p=741"},"modified":"2025-09-16T18:27:48","modified_gmt":"2025-09-16T18:27:48","slug":"estrelinha","status":"publish","type":"cursos","link":"https:\/\/www.casatalento.com.br\/index.php\/cursos\/estrelinha\/","title":{"rendered":"Estrelinha"},"content":{"rendered":"\n<h2 class=\"wp-block-heading\"><span style=\"vertical-align: inherit;\"><span style=\"vertical-align: inherit;\"><span style=\"vertical-align: inherit;\"><span style=\"vertical-align: inherit;\">Educa\u00e7\u00e3o Musical Infantil com Abordagem na Consci\u00eancia Fonol\u00f3gica&nbsp; <\/span><\/span><\/span><\/span><span style=\"vertical-align: inherit;\"><span style=\"vertical-align: inherit;\"><span style=\"vertical-align: inherit;\"><span style=\"vertical-align: inherit;\">(02 a 05 anos)<\/span><\/span><\/span><\/span><\/h2>\n\n\n\n<p><span style=\"vertical-align: inherit;\"><span style=\"vertical-align: inherit;\"><span style=\"vertical-align: inherit;\"><span style=\"vertical-align: inherit;\">O curso de <\/span><\/span><\/span><\/span><strong><span style=\"vertical-align: inherit;\"><span style=\"vertical-align: inherit;\"><span style=\"vertical-align: inherit;\"><span style=\"vertical-align: inherit;\">Educa\u00e7\u00e3o Musical Infantil com Abordagem em Consci\u00eancia Fonol\u00f3gica<\/span><\/span><\/span><\/span><\/strong><span style=\"vertical-align: inherit;\"><span style=\"vertical-align: inherit;\"><span style=\"vertical-align: inherit;\"><span style=\"vertical-align: inherit;\"> \u00e9 estruturado em uma aula de 50 minutos por semana, sempre em grupos com turmas de at\u00e9 04 alunos, com dura\u00e7\u00e3o de 02 m\u00f3dulos. <\/span><\/span><\/span><span style=\"vertical-align: inherit;\"><span style=\"vertical-align: inherit;\"><span style=\"vertical-align: inherit;\">Propomos uma nova abordagem atrav\u00e9s da integra\u00e7\u00e3o de duas habilidades &#8211; <\/span><\/span><\/span><\/span><strong><span style=\"vertical-align: inherit;\"><span style=\"vertical-align: inherit;\"><span style=\"vertical-align: inherit;\"><span style=\"vertical-align: inherit;\">elementos musicais e elementos lingu\u00edsticos<\/span><\/span><\/span><\/span><\/strong><span style=\"vertical-align: inherit;\"><span style=\"vertical-align: inherit;\"><span style=\"vertical-align: inherit;\"><span style=\"vertical-align: inherit;\"> .<\/span><\/span><\/span><\/span><\/p>\n\n\n\n<p><span style=\"vertical-align: inherit;\"><span style=\"vertical-align: inherit;\"><span style=\"vertical-align: inherit;\"><span style=\"vertical-align: inherit;\">Tendo em vista que nesta faixa et\u00e1ria a crian\u00e7a est\u00e1 desenvolvendo a fala e a rela\u00e7\u00e3o com a linguagem atrav\u00e9s da escuta. <\/span><\/span><\/span><span style=\"vertical-align: inherit;\"><span style=\"vertical-align: inherit;\"><span style=\"vertical-align: inherit;\">A equipe multidisciplinar da escola constatou por meio de estudos pr\u00e1ticos e te\u00f3ricos, a efic\u00e1cia de por interm\u00e9dio da viv\u00eancia l\u00fadica dos <\/span><\/span><\/span><\/span><strong><span style=\"vertical-align: inherit;\"><span style=\"vertical-align: inherit;\"><span style=\"vertical-align: inherit;\"><span style=\"vertical-align: inherit;\">elementos musicais<\/span><\/span><\/span><\/span><\/strong><span style=\"vertical-align: inherit;\"><span style=\"vertical-align: inherit;\"><span style=\"vertical-align: inherit;\"><span style=\"vertical-align: inherit;\"> (r\u00edtmicos, mel\u00f3dicos, dura\u00e7\u00e3o, altura, intensidade, etc &#8230;) levar \u00e0 uma aprendizagem mais efetiva dos <\/span><\/span><\/span><\/span><strong><span style=\"vertical-align: inherit;\"><span style=\"vertical-align: inherit;\"><span style=\"vertical-align: inherit;\"><span style=\"vertical-align: inherit;\">elementos lingu\u00edsticos<\/span><\/span><\/span><\/span><\/strong><span style=\"vertical-align: inherit;\"><span style=\"vertical-align: inherit;\"><span style=\"vertical-align: inherit;\"><span style=\"vertical-align: inherit;\"> (fala, compreens\u00e3o de frases, palavras, s\u00edlabas, letras, fonemas, leitura). <\/span><\/span><\/span><span style=\"vertical-align: inherit;\"><span style=\"vertical-align: inherit;\"><span style=\"vertical-align: inherit;\">E a ponte principal entre estas habilidades \u00e9 o fato de a escuta ser o elemento preponderante para o aprendizado de ambas, tanto na m\u00fasica, quanto na fala.<\/span><\/span><\/span><\/span><\/p>\n\n\n\n<p><a href=\"https:\/\/w.app\/whatssitecasatalento\"><span style=\"vertical-align: inherit;\"><span style=\"vertical-align: inherit;\"><span style=\"vertical-align: inherit;\"><span style=\"vertical-align: inherit;\">Clique aqui e solicite agora mesmo uma aula experimental!<\/span><\/span><\/span><\/span><\/a><\/p>\n","protected":false},"featured_media":194,"parent":0,"template":"","acf":[],"_links":{"self":[{"href":"https:\/\/www.casatalento.com.br\/index.php\/wp-json\/wp\/v2\/cursos\/741"}],"collection":[{"href":"https:\/\/www.casatalento.com.br\/index.php\/wp-json\/wp\/v2\/cursos"}],"about":[{"href":"https:\/\/www.casatalento.com.br\/index.php\/wp-json\/wp\/v2\/types\/cursos"}],"wp:featuredmedia":[{"embeddable":true,"href":"https:\/\/www.casatalento.com.br\/index.php\/wp-json\/wp\/v2\/media\/194"}],"wp:attachment":[{"href":"https:\/\/www.casatalento.com.br\/index.php\/wp-json\/wp\/v2\/media?parent=741"}],"curies":[{"name":"wp","href":"https:\/\/api.w.org\/{rel}","templated":true}]}}